{"id":26,"date":"2017-02-21T19:17:28","date_gmt":"2017-02-21T18:17:28","guid":{"rendered":"http:\/\/dummy.albertle.org\/?page_id=26"},"modified":"2025-11-14T17:12:53","modified_gmt":"2025-11-14T16:12:53","slug":"aufsaetzeessays","status":"publish","type":"page","link":"http:\/\/michael-ostheimer.de\/?page_id=26","title":{"rendered":"Wissenschaftliche Aufs\u00e4tze"},"content":{"rendered":"\n<p class=\"has-medium-font-size\"><strong>Die Arche am Atomteich. Montane Erinnerungslandschaften in der ostdeutschen Literatur (Wolfgang Hilbig, Linn Penelope Micklitz, Clemens Meyer, Lutz Seiler)<\/strong>, in: Katja Stopka und Michael Farrenkopf (Hg.): Bergbaulandschaften in Ost und West. K\u00fcnstlerische Konstruktion von Industrier\u00e4umen in der Transformationszeit, G\u00f6ttingen 2025, S. 207-227.<\/p>\n\n\n\n<p class=\"has-medium-font-size\" style=\"padding-top:0;padding-right:0;padding-bottom:0;padding-left:0\"><\/p>\n\n\n\n<div style=\"height:60px\" aria-hidden=\"true\" class=\"wp-block-spacer\"><\/div>\n\n\n\n<p class=\"has-medium-font-size\" style=\"padding-top:0;padding-right:0;padding-bottom:0;padding-left:0\"><strong>Strahlungsf\u00fchligkeit. Radioaktivit\u00e4t als literarischer Stoff bei Lutz Seiler<\/strong>, in: Text + Kritik: Lutz Seiler, H. 249, hg. von Bernard Banoun und Carola H\u00e4hnel-Mesnard, M\u00fcnchen 2025, S. 63-70.<\/p>\n\n\n\n<p><\/p>\n\n\n\n<div style=\"height:60px\" aria-hidden=\"true\" class=\"wp-block-spacer\"><\/div>\n\n\n\n<p><strong>Erfahrungs- und Erwartungslandschaften. \u00c4sthetische Authentisierungsstrategien des Sozialismus in der DDR<\/strong>, in: Christoph Classen, Achim Saupe, Hans-Ulrich Wagner (Hg.): Echt inszeniert. Historische Authentizit\u00e4t und Medien in der Moderne, Potsdam 2022, S. 363-386 (mit Katja Stopka) (<a href=\"https:\/\/zdbooks.de\/echt-inszeniert-2021\/michael-ostheimer-katja-stopka-erfahrungs-und-erwartungslandschaften\">https:\/<\/a><a href=\"https:\/\/zdbooks.de\/echt-inszeniert-2021\/michael-ostheimer-katja-stopka-erfahrungs-und-erwartungslandschaften\" target=\"_blank\" rel=\"noreferrer noopener\">\/zdbooks.de\/echt-inszeniert-2021\/michael-ostheimer-katja-stopka-erfahrungs-und-erwartungslandschaften<\/a>).<\/p>\n\n\n\n<div style=\"height:60px\" aria-hidden=\"true\" class=\"wp-block-spacer\"><\/div>\n\n\n\n<p><strong>Wolfgang Hilbig und das Zeitregime der Moderne<\/strong>, in: Stephan Pabst, Sylvie Arlaud, Bernard Banoun und B\u00e9n\u00e9dicte Terrisse (Hg.): Wolfgang Hilbig und die (ganze) Moderne, Berlin 2021, S. 87-105<\/p>\n\n\n\n<div style=\"height:60px\" aria-hidden=\"true\" class=\"wp-block-spacer\"><\/div>\n\n\n\n<p><strong>Wendezeit \u2013 Wende der Zeit: Zum Zusammenhang von Geschichtsphilosophie und Zeitdenken in der Post-DDR-Literatur<\/strong>, in: Daniel Fulda und Stephan Jaeger (Hg.): Romanhaftes Erz\u00e4hlen von Geschichte. Vergegenw\u00e4rtigte Vergangenheiten im beginnenden 21. Jahrhundert, Berlin\/Boston 2019, S. 251-276.<\/p>\n\n\n\n<div style=\"height:60px\" aria-hidden=\"true\" class=\"wp-block-spacer\"><\/div>\n\n\n\n<p><strong>Vom utopischen zum memorialen Chronotopos. Verschwundene D\u00f6rfer in der DDR- und Post-DDR-Literatur<\/strong>, in: Martin Ehrler und Marc Weiland (Hg.): Topografische Leerstellen. \u00c4sthetisierungen verschwindender und verschwundener D\u00f6rfer und Landschaften, Bielefeld 2018, S. 237-250.<\/p>\n\n\n\n<div style=\"height:60px\" aria-hidden=\"true\" class=\"wp-block-spacer\"><\/div>\n\n\n\n<p><strong>Das temporale Imagin\u00e4re. Von der Latenz des Zeitlichen zur Emergenz kultureller Zeit<\/strong>, in: Anna-Katharina Gisbertz und Michael Ostheimer (Hg.): Geschichte &#8211; Latenz &#8211; Zukunft. Zur narrativen Modellierung von Zeit in der Gegenwartsliteratur, Hannover 2017, S. 15-28 (mit Ines Detmers).<\/p>\n\n\n\n<div style=\"height:60px\" aria-hidden=\"true\" class=\"wp-block-spacer\"><\/div>\n\n\n\n<p><strong>Latenzen in Sa\u0161a Stani\u0161i\u0107s <em>Vor dem Fest<\/em><\/strong>, in: Anna-Katharina Gisbertz und Michael Ostheimer (Hg.): Geschichte &#8211; Latenz &#8211; Zukunft. Zur narrativen Modellierung von Zeit in der Gegenwartsliteratur, Hannover 2017, S. 127-137.<\/p>\n\n\n\n<div style=\"height:60px\" aria-hidden=\"true\" class=\"wp-block-spacer\"><\/div>\n\n\n\n<p><strong>Einleitung: Geschichte &#8211; Latenz &#8211; Zukunft<\/strong>, in: Anna-Katharina Gisbertz und Michael Ostheimer (Hg.): Geschichte &#8211; Latenz &#8211; Zukunft. Zur narrativen Modellierung von Zeit in der Gegenwartsliteratur, Hannover 2017, S. 7-14 (mit Anna-Katharina Gisbertz).<\/p>\n\n\n\n<div style=\"height:60px\" aria-hidden=\"true\" class=\"wp-block-spacer\"><\/div>\n\n\n\n<p><strong>Chronotopographie der DDR-Literatur. Bilanz des Forschungsprojekts<\/strong> (<a href=\"http:\/\/www.aesthetische-eigenzeiten.de\/workspace\/dokumente\/chronotopographie-der-ddr-literatur-bilanz.pdf\" target=\"_blank\" rel=\"noreferrer noopener\">http:\/\/www.aesthetische-eigenzeiten.de\/workspace\/dokumente\/chronotopographie-der-ddr-literatur-bilanz.pdf<\/a>).<\/p>\n\n\n\n<div style=\"height:60px\" aria-hidden=\"true\" class=\"wp-block-spacer\"><\/div>\n\n\n\n<p><strong>Der zeitgen\u00f6ssische deutschsprachige China-Roman<\/strong>, in: Jahrbuch f\u00fcr internationale Germanistik XLVIII, H. 2, Bern 2016, S. 49-65.<\/p>\n\n\n\n<div style=\"height:60px\" aria-hidden=\"true\" class=\"wp-block-spacer\"><\/div>\n\n\n\n<p><strong>Chronotopographie der DDR-Literatur. Eine Projektskizze<\/strong>, in: Katrin Max (Hg.): Tendenzen und Perspektiven der gegenw\u00e4rtigen DDR-Literatur-Forschung, W\u00fcrzburg 2016, S. 345-357.<\/p>\n\n\n\n<div style=\"height:60px\" aria-hidden=\"true\" class=\"wp-block-spacer\"><\/div>\n\n\n\n<p><strong>\u201eNiemandsland\u201c. Der utopische Chronotopos \u201eSchwarzenberg\u201c bei Stefan Heym und Volker Braun<\/strong>, in: Bernadette Malinowski und Ulrike Uhlig (Hg.): Der Jahrhundertzeuge. Geschichtsschreibung und Geschichtsentw\u00fcrfe im Werk von Stefan Heym, W\u00fcrzburg 2016, S. 142-160.<\/p>\n\n\n\n<div style=\"height:60px\" aria-hidden=\"true\" class=\"wp-block-spacer\"><\/div>\n\n\n\n<p><strong>Raum als \u00e4sthetische Formung von Zeit. Bachtins Chronotopos-Begriff in Literatur und sozialer Wirklichkeit<\/strong>, in: Michael Gamper, Eva Geulen, Johannes Grave, Andreas Langenohl, Ralf Simon, Sabine Zubarik (Hg.): Zeiten der Form \u2013 Formen der Zeit (\u00c4sthetische Eigenzeiten, Bd. 2), Hannover 2016, S. 83-110 (mit Dominik Schrage).<\/p>\n\n\n\n<div style=\"height:60px\" aria-hidden=\"true\" class=\"wp-block-spacer\"><\/div>\n\n\n\n<p><strong>Th\u00fcringisches Wende-Mosaik: Ingo Schulzes Mikrokosmos Altenburg<\/strong>, in: Friederike G\u00fcnther und Markus Hien (Hg.): Geschichte in Geschichten, W\u00fcrzburg 2016, S. 231-257.<\/p>\n\n\n\n<div style=\"height:60px\" aria-hidden=\"true\" class=\"wp-block-spacer\"><\/div>\n\n\n\n<p><strong>Einleitung: Inseln und Insularit\u00e4ten. \u00c4sthetisierungen von Heterochronie und Chronotopie seit 1960<\/strong>, in: Michael Ostheimer und Sabine Zubarik (Hg.): Inseln und Insularit\u00e4ten. \u00c4sthetisierungen von Heterochronie und Chronotopie seit 1960 (\u00c4sthetische Eigenzeiten, Bd. 3), Hannover 2016, S. 7-15 (mit Sabine Zubarik).<\/p>\n\n\n\n<div style=\"height:60px\" aria-hidden=\"true\" class=\"wp-block-spacer\"><\/div>\n\n\n\n<p><strong>Zwischen Idylle und Anti-Idylle. Hiddensee als Paradigma f\u00fcr die Insel-Literatur der DDR<\/strong>, in: Michael Ostheimer und Sabine Zubarik (Hg.): Inseln und Insularit\u00e4ten. \u00c4sthetisierungen von Heterochronie und Chronotopie seit 1960 (\u00c4sthetische Eigenzeiten, Bd. 3), Hannover 2016, S. 181-210.<\/p>\n\n\n\n<div style=\"height:60px\" aria-hidden=\"true\" class=\"wp-block-spacer\"><\/div>\n\n\n\n<p><strong>Von der Hanto- zur Hamletologie. Der Hamletstoff als Drehscheibe f\u00fcr die literarische Aufarbeitung der famili\u00e4ren NS-Nachwirkungen<\/strong>, in: Lorenz Aggermann (u. a.) (Hg.): \u201eLernen, mit den Gespenstern zu leben\u201c. Das Gespenstische als Figur, Metapher und Wahrnehmungsdispositiv, Berlin 2015, S. 133-144.<\/p>\n\n\n\n<div style=\"height:60px\" aria-hidden=\"true\" class=\"wp-block-spacer\"><\/div>\n\n\n\n<p><strong>Einleitung<\/strong>, in: Gesine Mierke und Michael Ostheimer. (Hg.): Mittelalterrezeption in der DDR-Literatur (Euros. Chemnitzer Arbeiten zur Literaturwissenschaft, Bd. 7), W\u00fcrzburg 2015, S. 1-11 (mit Gesine Mierke).<\/p>\n\n\n\n<div style=\"height:60px\" aria-hidden=\"true\" class=\"wp-block-spacer\"><\/div>\n\n\n\n<p><strong>Chronotopos \u201eWismut\u201c. Der ostdeutsche Uranbergbau im Forschungsfeld der DDR- bzw. Post-DDR-Literatur<\/strong>, in: Viviana Chilese und Matteo Galli (Hg.): Im Osten geht die Sonne auf? Tendenzen neuerer ostdeutscher Literatur, W\u00fcrzburg 2015, S. 203-223.<\/p>\n\n\n\n<div style=\"height:60px\" aria-hidden=\"true\" class=\"wp-block-spacer\"><\/div>\n\n\n\n<p><strong>\u201eDenn die Wirklichkeit ist in unserem Kopf, wo denn sonst. Und im Herzen.\u201c Zur Poetik des Schweigens im Werk von Angela Krau\u00df<\/strong>, in: Marion Gees, Bernadette Malinowski, Michael Ostheimer, J\u00f6rg Pottbeckers (Hg.): Poetik des Zwischenraums. Zum Werk von Angela Krau\u00df (Euros. Chemnitzer Arbeiten zur Literaturwissenschaft, Bd. 3), W\u00fcrzburg 2014, S. 45-62.<\/p>\n\n\n\n<div style=\"height:60px\" aria-hidden=\"true\" class=\"wp-block-spacer\"><\/div>\n\n\n\n<p><strong>Komparatistik als Wissenspoetik<\/strong>, in: R\u00fcdiger Zymner, Achim H\u00f6lter (Hg.): Handbuch Komparatistik. Theorien, Arbeitsfelder, Wissenspraxis, Stuttgart 2013, S. 256-261 (mit Bernadette Malinowski).<\/p>\n\n\n\n<div style=\"height:60px\" aria-hidden=\"true\" class=\"wp-block-spacer\"><\/div>\n\n\n\n<p><strong>Nachgeholte Trauerarbeit. Traumatische Erinnerungsr\u00e4ume im Werk ostdeutscher Autoren nach 1989<\/strong>, in: Norbert Otto Eke (Hg.): \u201eNach der Mauer der Abgrund\u201c?. (Wieder-)Ann\u00e4herungen an die DDR-Literatur, Amsterdam 2013, S. 243-263.<\/p>\n\n\n\n<div style=\"height:60px\" aria-hidden=\"true\" class=\"wp-block-spacer\"><\/div>\n\n\n\n<p><strong>\u00d6dipus zum Beispiel. Zur Komparatistik als Wissenspoetik<\/strong>, in: G\u00fcnter Butzer und Hubert Zapf (Hg.): Theorien der Literatur. Grundlagen und Perspektiven. Bd. 6, T\u00fcbingen 2013, S. 9-30 (mit Bernadette Malinowski).<\/p>\n\n\n\n<div style=\"height:60px\" aria-hidden=\"true\" class=\"wp-block-spacer\"><\/div>\n\n\n\n<p><strong>Zwischen geschichtsphilosophischem Aufbaupathos und kritischer Heimatarch\u00e4ologie: Literatur um die Wismut<\/strong>, in: Stiftung f\u00fcr Kunst und Kultur der Sparkasse Mittelsachsen in Zusammenarbeit mit dem Freiberger Altertumsverein e.V. (Hg.): Andreas-M\u00f6ller-Geschichtspreis 2010 bis 2012. Geldgeschichte im Freiberger Raum. Baumeister in Mittelsachsen. Literaturgeschichte in Mittelsachsen, Freiberg 2013, S. 139-154.<\/p>\n\n\n\n<div style=\"height:60px\" aria-hidden=\"true\" class=\"wp-block-spacer\"><\/div>\n\n\n\n<p><strong>Im Zeichen des Wolfs. Die Schriftsteller Jiang Rong und Lu Xun als Grenzg\u00e4nger zwischen chinesischer Tradition und westlicher Moderne<\/strong>, in: Ines Detmers und Birte Heidemann (Hg.): \u201e\u201aPopular Goethe to Global Pop\u2019: Suchen nach dem Westen zwischen Erinnerung, Erm\u00e4chtigung und Entmachtung\u201c, Amsterdam 2013, S. 93-111.<\/p>\n\n\n\n<div style=\"height:60px\" aria-hidden=\"true\" class=\"wp-block-spacer\"><\/div>\n\n\n\n<p><strong>Traumatochronotopologie. Die Stadt als Erinnerungsraum bei Alfred D\u00f6blin und W.G. Sebald<\/strong>, in: Wir lernen Deutsch 1 (2013), H. 2, S. 6-11 (auf Chinesisch).<\/p>\n\n\n\n<div style=\"height:60px\" aria-hidden=\"true\" class=\"wp-block-spacer\"><\/div>\n\n\n\n<p><strong>Ortswechsel des Schreibens. Gegenwartsliterarische Beispiele f\u00fcr deutsch-chinesische Rezeptionsprozesse<\/strong>, in: Ernest W. B. Hess-L\u00fcttich gemeinsam mit Corinna Albrecht und Andrea Bogner (Hg.): Re-Visionen. Kulturwissenschaftliche Herausforderungen interkultureller Germanistik, Frankfurt a. M. 2012, S. 195-208 (mit Li Shuangzhi).<\/p>\n\n\n\n<div style=\"height:60px\" aria-hidden=\"true\" class=\"wp-block-spacer\"><\/div>\n\n\n\n<p><strong>Im Land des gro\u00dfen F\u00fchrers. Luise Rinser und Christian Kracht \u00fcber Nordkorea<\/strong>, in: Ortrud Gutjahr, Deniz G\u00f6kt\u00fcrk und Alexander Honold (Hg.): Interkulturalit\u00e4t als Herausforderung und Forschungsparadigma der Literatur- und Medienwissenschaft, Sektion 21 in: Akten des XII. internationalen Germanistenkongresses Warschau 2010. Vielheit und Einheit der Germanistik weltweit, Band 12, hg. v. Franciszek Grucza, Frankfurt a. M. 2012, S. 13-241, hier: S. 153-157.<\/p>\n\n\n\n<div style=\"height:60px\" aria-hidden=\"true\" class=\"wp-block-spacer\"><\/div>\n\n\n\n<p><strong>Wismut-Literatur oder Von der Aufgabe der Heimat f\u00fcr den Weltfrieden<\/strong>, in: Wolfram Ette, Michael Ostheimer, J\u00f6rg Pottbeckers (Hg.): Strahlungen. Literatur um die Wismut (Euros. Chemnitzer Arbeiten zur Literaturwissenschaft, Bd. 1), W\u00fcrzburg 2012, S. 8-32.<\/p>\n\n\n\n<div style=\"height:60px\" aria-hidden=\"true\" class=\"wp-block-spacer\"><\/div>\n\n\n\n<p><strong>Die Sprachlosigkeit der Kriegskinder. Zur Symptomatik der traumatischen Geschichtserfahrung in der zeitgen\u00f6ssischen Erinnerungsliteratur<\/strong>, in: Bj\u00f6rn Bohnenkamp, Till Manning und Eva-Maria Silies (Hg.) Generation als Erz\u00e4hlung. Neue Perspektiven auf ein kulturelles Deutungsmuster (G\u00f6ttinger Studien zur Generationenforschung, Bd. 1), G\u00f6ttingen 2009, S. 203-225.<\/p>\n\n\n\n<div style=\"height:60px\" aria-hidden=\"true\" class=\"wp-block-spacer\"><\/div>\n\n\n\n<p><strong>Die Nachwirkungen des Nationalsozialismus in der deutschsprachigen Familienliteratur<\/strong> (Teil 1: V\u00e4terliteratur \u2013 Wie die Kinder der BRD um 1980 mit ihren V\u00e4tern abrechnen; Teil 2: Nachgeholte Trauerarbeit \u2013 Wie die ostdeutsche Literatur nach 1989 traumatische Familiengeschichten erinnert; Teil 3: Der neue deutsche Familienroman \u2013 Wie die NS-Familienvergangenheit gegenw\u00e4rtig literarisch historisiert wird), in: Deutsch-Chinesisches Kulturnetz, April 2009 (http:\/\/www.goethe.de\/ins\/cn\/lp\/kul\/mag\/dis\/kgd\/de4400118.htm).<\/p>\n\n\n\n<div style=\"height:60px\" aria-hidden=\"true\" class=\"wp-block-spacer\"><\/div>\n\n\n\n<p><strong>\u201eMonumentale Verh\u00e4ltnislosigkeit\u201c. Traumatische Aspekte im neuen deutschen Familienroman<\/strong>, in: Judith Klinger, Gerhard Wolf (Hg.): Ged\u00e4chtnis und kultureller Wandel. Erinnerndes Schreiben \u2013 Perspektiven und Kontroversen, T\u00fcbingen 2009, S. 149-166.<\/p>\n\n\n\n<div style=\"height:60px\" aria-hidden=\"true\" class=\"wp-block-spacer\"><\/div>\n\n\n\n<p><strong>\u201eChina, how far are you!\u201d Alfred D\u00f6blins Konfuzius-Rezeption<\/strong>, in: Hartmut Bobzin, Ralf Georg Czapla, York-Gothart Mix, Thomas Pittrof (Hg.): Jahrbuch der R\u00fcckert-Gesellschaft e. V. 2006\/2007 (R\u00fcckert Studien, Band XVII), W\u00fcrzburg 2008, S. 251-275.<\/p>\n\n\n\n<div style=\"height:60px\" aria-hidden=\"true\" class=\"wp-block-spacer\"><\/div>\n\n\n\n<p><strong>Auf den Spuren des Schweigens. Auschwitz als literarischer Erinnerungsort in Judith Kuckarts <em>Lenas Liebe<\/em> und Stephan Wackwitz&#8216; <em>Ein unsichtbares Land<\/em><\/strong>, in: Hans Henning Hahn, Heidi-Hein Kircher, Anna Kochanowska-Nieborak (Hg.): Erinnerungskultur und Vers\u00f6hnungskitsch (Tagungen zur Ostmitteleuropa-Forschung, Bd. 26), Marburg 2008, S. 149-162.<\/p>\n\n\n\n<div style=\"height:60px\" aria-hidden=\"true\" class=\"wp-block-spacer\"><\/div>\n\n\n\n<p><strong>Das gro\u00dfe \u201aFressen\u2018. Lu Xuns <em>Tagebuch eines Verr\u00fcckten<\/em> aus intertextueller und rezeptionsgeschichtlicher Perspektive<\/strong>, in: Kulturen in Kontakt: Deutschland-China, Nanjing 2008, S. 173-186 (auf Chinesisch).<\/p>\n\n\n\n<div style=\"height:60px\" aria-hidden=\"true\" class=\"wp-block-spacer\"><\/div>\n\n\n\n<p><strong>\u201eJaaaaaaaaaaaaaaaaaaaaaaaaaaaaaaaaaaaaaaaaaaaaaaaaa!\u201c. Heiner M\u00fcllers Dramen\u00e4sthetik der rhetorischen Theatralit\u00e4t am Beispiel seiner Herakles-Texte<\/strong>, in: Rhetorik, Bd. 27: Rhetorische Theatralit\u00e4t, hg. v. Wolfgang Neuber, Thomas Rahn, T\u00fcbingen 2008, S. 49-72.<\/p>\n\n\n\n<div style=\"height:60px\" aria-hidden=\"true\" class=\"wp-block-spacer\"><\/div>\n\n\n\n<p><strong>Theodor Fontane: <em>Effi Briest<\/em> (1894)<\/strong>, in: Ralf Junkerj\u00fcrgen (Hg.): Klassische Romane Europas in Einzeldarstellungen, Hamburg 2007, S. 137-155.<\/p>\n\n\n\n<div style=\"height:60px\" aria-hidden=\"true\" class=\"wp-block-spacer\"><\/div>\n\n\n\n<p><strong>Selbst(er)findung. Autobiographeskes Erz\u00e4hlen bei Thomas H\u00fcrlimann und Hermann Burger<\/strong>, in: Entw\u00fcrfe 28 (2001), S. 67-74.<\/p>\n\n\n\n<div style=\"height:60px\" aria-hidden=\"true\" class=\"wp-block-spacer\"><\/div>\n\n\n\n<p><strong>\u201eG\u00f6tter werden dich nicht mehr besuchen\u201c. Zum Europa-Mythos in Heiner M\u00fcllers Langgedicht <em>Ajax zum Beispiel<\/em> <\/strong>, in: Ian Wallace, Dennis Tate, Gerd Labroisse (Hg.): Heiner M\u00fcller: Probleme und Perspektiven. Bath-Symposion 1998, Amsterdam\/Atlanta 2000 (Amsterdamer Beitr\u00e4ge zur neueren Germanistik 48), S. 383-402.<\/p>\n\n\n\n<div style=\"height:60px\" aria-hidden=\"true\" class=\"wp-block-spacer\"><\/div>\n\n\n\n<p><strong>\u201eICH AJAX DER SEIN BLUT\u201c. Heiner M\u00fcllers lyrische Inszenierung des Tods der Trag\u00f6die<\/strong>, in: Zeitschrift f\u00fcr deutsche Philologie 119 (2000), S. 245-267.<\/p>\n\n\n\n<div style=\"height:60px\" aria-hidden=\"true\" class=\"wp-block-spacer\"><\/div>\n\n\n\n<p><strong>Den Menschen erfinden. Die Subversion des Autors Wolfgang Hilbig<\/strong>, in: Konzepte 16 (1994), S. 57-61 (mit Michael Birkner).<\/p>\n\n\n\n<p><\/p>\n","protected":false},"excerpt":{"rendered":"<p>Die Arche am Atomteich. Montane Erinnerungslandschaften in der ostdeutschen Literatur (Wolfgang Hilbig, Linn Penelope Micklitz, Clemens Meyer, Lutz Seiler), in: Katja Stopka und Michael Farrenkopf (Hg.): Bergbaulandschaften in Ost und West. K\u00fcnstlerische Konstruktion von Industrier\u00e4umen in der Transformationszeit, G\u00f6ttingen 2025, S. 207-227. Strahlungsf\u00fchligkeit. Radioaktivit\u00e4t als literarischer Stoff bei Lutz Seiler, in: Text + Kritik: Lutz [&hellip;]<\/p>\n","protected":false},"author":1,"featured_media":0,"parent":91,"menu_order":0,"comment_status":"closed","ping_status":"closed","template":"page-with-sidebar","meta":{"footnotes":""},"class_list":["post-26","page","type-page","status-publish","hentry"],"_links":{"self":[{"href":"http:\/\/michael-ostheimer.de\/index.php?rest_route=\/wp\/v2\/pages\/26","targetHints":{"allow":["GET"]}}],"collection":[{"href":"http:\/\/michael-ostheimer.de\/index.php?rest_route=\/wp\/v2\/pages"}],"about":[{"href":"http:\/\/michael-ostheimer.de\/index.php?rest_route=\/wp\/v2\/types\/page"}],"author":[{"embeddable":true,"href":"http:\/\/michael-ostheimer.de\/index.php?rest_route=\/wp\/v2\/users\/1"}],"replies":[{"embeddable":true,"href":"http:\/\/michael-ostheimer.de\/index.php?rest_route=%2Fwp%2Fv2%2Fcomments&post=26"}],"version-history":[{"count":19,"href":"http:\/\/michael-ostheimer.de\/index.php?rest_route=\/wp\/v2\/pages\/26\/revisions"}],"predecessor-version":[{"id":677,"href":"http:\/\/michael-ostheimer.de\/index.php?rest_route=\/wp\/v2\/pages\/26\/revisions\/677"}],"up":[{"embeddable":true,"href":"http:\/\/michael-ostheimer.de\/index.php?rest_route=\/wp\/v2\/pages\/91"}],"wp:attachment":[{"href":"http:\/\/michael-ostheimer.de\/index.php?rest_route=%2Fwp%2Fv2%2Fmedia&parent=26"}],"curies":[{"name":"wp","href":"https:\/\/api.w.org\/{rel}","templated":true}]}}